{"id":4408,"date":"2024-02-22T20:08:28","date_gmt":"2024-02-22T19:08:28","guid":{"rendered":"https:\/\/wzalesiu.pl\/?page_id=4408"},"modified":"2025-01-05T13:05:52","modified_gmt":"2025-01-05T12:05:52","slug":"domki_na_impreze_integracyjna_mazury","status":"publish","type":"page","link":"https:\/\/wzalesiu.pl\/index.php\/domki_na_impreze_integracyjna_mazury\/","title":{"rendered":"Domki na imprez\u0119 integracyjn\u0105 Mazury"},"content":{"rendered":"\n<figure class=\"wp-block-image size-large\"><img decoding=\"async\" width=\"1024\" height=\"575\" data-src=\"https:\/\/wzalesiu.pl\/wp-content\/uploads\/2024\/02\/Zalesie-56-1024x575.jpg\" alt=\"domki na imprez\u0119 integracyjn\u0105\" class=\"wp-image-4432 lazyload\" data-srcset=\"https:\/\/wzalesiu.pl\/wp-content\/uploads\/2024\/02\/Zalesie-56-1024x575.jpg 1024w, https:\/\/wzalesiu.pl\/wp-content\/uploads\/2024\/02\/Zalesie-56-300x169.jpg 300w, https:\/\/wzalesiu.pl\/wp-content\/uploads\/2024\/02\/Zalesie-56-768x432.jpg 768w, https:\/\/wzalesiu.pl\/wp-content\/uploads\/2024\/02\/Zalesie-56-1536x863.jpg 1536w, https:\/\/wzalesiu.pl\/wp-content\/uploads\/2024\/02\/Zalesie-56.jpg 2000w\" data-sizes=\"(max-width: 1024px) 100vw, 1024px\" src=\"data:image\/svg+xml;base64,PHN2ZyB3aWR0aD0iMSIgaGVpZ2h0PSIxIiB4bWxucz0iaHR0cDovL3d3dy53My5vcmcvMjAwMC9zdmciPjwvc3ZnPg==\" style=\"--smush-placeholder-width: 1024px; --smush-placeholder-aspect-ratio: 1024\/575;\" \/><\/figure>\n\n\n\n<p>Oferujemy Pa\u0144stwu domy na wy\u0142\u0105czno\u015b\u0107 nad brzegiem jeziora Orzyc. Ka\u017cdy domek posiada swoj\u0105 ogrodzon\u0105 stref\u0119 biesiadn\u0105 oraz le\u017caki do czerpania k\u0105pieli s\u0142onecznych. Je\u017celi za\u017cyczysz sobie \u017ceby ca\u0142y o\u015brodek by\u0142 na wy\u0142\u0105czno\u015b\u0107 to i tak\u0105 pro\u015bb\u0119 jeste\u015bmy w stanie spe\u0142ni\u0107. <\/p>\n\n\n\n<p>Nie posiadamy restauracji, ale korzystamy cateringu z zaprzyja\u017anionej restauracji w pobliskim Barczewie, Domy maj\u0105 w pe\u0142ni wyposa\u017cone kuchnie tak\u017ce mo\u017cecie samodzielnie przygotowywa\u0107 posi\u0142ki. <\/p>\n\n\n\n<div class=\"wp-block-group is-layout-grid wp-container-core-group-is-layout-1bf68da8 wp-block-group-is-layout-grid\">\n<div class=\"wp-block-buttons is-layout-flex wp-block-buttons-is-layout-flex\">\n<div class=\"wp-block-button has-custom-width wp-block-button__width-100 has-custom-font-size has-small-font-size\"><a class=\"wp-block-button__link has-vivid-green-cyan-background-color has-background wp-element-button\" href=\"#koszty_imprezy_integracyjnej\" style=\"border-radius:22px\">Koszty organizacji imprezy<\/a><\/div>\n<\/div>\n\n\n\n<div class=\"wp-block-buttons is-layout-flex wp-container-core-buttons-is-layout-c07eda73 wp-block-buttons-is-layout-flex\">\n<div class=\"wp-block-button has-custom-width wp-block-button__width-100 has-custom-font-size is-style-fill has-small-font-size\"><a class=\"wp-block-button__link has-vivid-cyan-blue-background-color has-background wp-element-button\" href=\"#opis-domkow-na-impreze\" style=\"border-radius:22px\">Opis domk\u00f3w <\/a><\/div>\n<\/div>\n\n\n\n<div class=\"wp-block-buttons is-layout-flex wp-block-buttons-is-layout-flex\">\n<div class=\"wp-block-button has-custom-font-size is-style-fill has-small-font-size\"><a class=\"wp-block-button__link has-luminous-vivid-amber-background-color has-background wp-element-button\" href=\"#promocje-na-imprezy-integracyjne\" style=\"border-radius:22px\">Promocje na wynajem domk\u00f3w<\/a><\/div>\n<\/div>\n\n\n\n<div class=\"wp-block-buttons is-layout-flex wp-block-buttons-is-layout-flex\">\n<div class=\"wp-block-button has-custom-width wp-block-button__width-100 has-custom-font-size has-small-font-size\"><a class=\"wp-block-button__link wp-element-button\" href=\"#atrakcje-na-impreze\" style=\"border-radius:22px\">Atrakcje na integracje<\/a><\/div>\n<\/div>\n\n\n\n<div class=\"wp-block-buttons is-layout-flex wp-block-buttons-is-layout-flex\">\n<div class=\"wp-block-button has-custom-width wp-block-button__width-100 has-custom-font-size is-style-fill has-small-font-size\"><a class=\"wp-block-button__link has-vivid-green-cyan-background-color has-background wp-element-button\" href=\"#plan-organizacji-imprezy\" style=\"border-radius:22px\">Przyk\u0142adowy plan imprezy<\/a><\/div>\n<\/div>\n<\/div>\n\n\n\n<h2 class=\"wp-block-heading\" id=\"koszty_imprezy_integracyjnej\">Ile b\u0119dzie kosztowa\u0142a impreza integracyjna w naszych domkach nad jeziorem?<\/h2>\n\n\n\n<p>Koszt wynaj\u0119cia domk\u00f3w zaczyna si\u0119 od 1200 z\u0142 \/ 2 doby w promocyjne dni. Nasz\u0105 aktualn\u0105 ofert\u0119 zawsze znajdziesz w<a href=\"https:\/\/wzalesiu.pl\/index.php\/wynajmij-domek-mazury\/\"> systemie rezerwacji.<\/a> Sprawd\u017a na g\u0142\u00f3wnej stronie kod ta\u0144szej rezerwacji. <\/p>\n\n\n\n<h3 class=\"wp-block-heading has-text-align-left\" id=\"opis-domkow-na-impreze\">1. Nasze domki na imprez\u0119 integracyjn\u0105 <\/h3>\n\n\n\n<p>Posiadamy <br>&#8211;  <a href=\"https:\/\/wzalesiu.pl\/index.php\/domki-na-mazurach-nad-jeziorem\/\">4 domki ca\u0142oroczne ogrzewane elektrycznie<\/a>, w ka\u017cdym s\u0105 3 sypialnie, a w nich: 3 \u0142\u00f3zka dwuosobowe, 4 \u0142\u00f3\u017cka jednoosobowe i jedna rozk\u0142adana kanapa w salonie,  czyli <strong>28-44 <\/strong>miejsca<\/p>\n\n\n\n<figure class=\"wp-block-image size-large\"><img decoding=\"async\" width=\"1024\" height=\"683\" data-src=\"https:\/\/wzalesiu.pl\/wp-content\/uploads\/2024\/01\/Fotoram.io-3-1024x683.jpg\" alt=\"domki na integracj\u0119\" class=\"wp-image-4129 lazyload\" data-srcset=\"https:\/\/wzalesiu.pl\/wp-content\/uploads\/2024\/01\/Fotoram.io-3-1024x683.jpg 1024w, https:\/\/wzalesiu.pl\/wp-content\/uploads\/2024\/01\/Fotoram.io-3-300x200.jpg 300w, https:\/\/wzalesiu.pl\/wp-content\/uploads\/2024\/01\/Fotoram.io-3-768x512.jpg 768w, https:\/\/wzalesiu.pl\/wp-content\/uploads\/2024\/01\/Fotoram.io-3.jpg 1200w\" data-sizes=\"(max-width: 1024px) 100vw, 1024px\" src=\"data:image\/svg+xml;base64,PHN2ZyB3aWR0aD0iMSIgaGVpZ2h0PSIxIiB4bWxucz0iaHR0cDovL3d3dy53My5vcmcvMjAwMC9zdmciPjwvc3ZnPg==\" style=\"--smush-placeholder-width: 1024px; --smush-placeholder-aspect-ratio: 1024\/683;\" \/><\/figure>\n\n\n\n<p><br>&#8211; <a href=\"https:\/\/wzalesiu.pl\/index.php\/dom-z-2-sypialniami-przy-plazy\/\">parterowy domek z dwoma sypialniami,<\/a> a w ka\u017cdej 1 \u0142\u00f3\u017cko dwuosobowe, czyli <strong>2-4<\/strong> miejsca<\/p>\n\n\n<div class=\"wp-block-image\">\n<figure class=\"aligncenter size-full\"><img decoding=\"async\" width=\"900\" height=\"900\" data-src=\"https:\/\/wzalesiu.pl\/wp-content\/uploads\/2024\/02\/Fotoram.io-11.jpg\" alt=\"domki na imprez\u0119 integracyjn\u0105\" class=\"wp-image-4438 lazyload\" data-srcset=\"https:\/\/wzalesiu.pl\/wp-content\/uploads\/2024\/02\/Fotoram.io-11.jpg 900w, https:\/\/wzalesiu.pl\/wp-content\/uploads\/2024\/02\/Fotoram.io-11-300x300.jpg 300w, https:\/\/wzalesiu.pl\/wp-content\/uploads\/2024\/02\/Fotoram.io-11-150x150.jpg 150w, https:\/\/wzalesiu.pl\/wp-content\/uploads\/2024\/02\/Fotoram.io-11-768x768.jpg 768w, https:\/\/wzalesiu.pl\/wp-content\/uploads\/2024\/02\/Fotoram.io-11-100x100.jpg 100w\" data-sizes=\"(max-width: 900px) 100vw, 900px\" src=\"data:image\/svg+xml;base64,PHN2ZyB3aWR0aD0iMSIgaGVpZ2h0PSIxIiB4bWxucz0iaHR0cDovL3d3dy53My5vcmcvMjAwMC9zdmciPjwvc3ZnPg==\" style=\"--smush-placeholder-width: 900px; --smush-placeholder-aspect-ratio: 900\/900;\" \/><\/figure>\n<\/div>\n\n\n<p><br> &#8211; domek 6 osobowy z 6 \u0142\u00f3\u017ckami jednoosobowymi w dw\u00f3ch sypialniach ogrzewany kominkiem na drewno, czyli <strong>6<\/strong> miejsc<\/p>\n\n\n\n<p>&#8211; dla wi\u0119kszych grup \u0142\u0105czymy si\u0119 z s\u0105siadem o kolejne <strong>15 <\/strong>miejsc noclegowych, co pozwala nam pomie\u015bci\u0107 od <strong>40 do 60 <\/strong>os\u00f3b w zale\u017cno\u015bci od konfiguracji \u0142\u00f3\u017cek. <\/p>\n\n\n\n<p>a)7, 8, 9, 10 os\u00f3b &#8211; wystarczy, \u017ce wynajmiesz 1 domek, <br>b)10 &#8211; 15- 20 os\u00f3b &#8211; wystarczy, \u017ce wynajmiesz 2 domki<br>c)20 &#8211; 25- 30 os\u00f3b &#8211; najbardziej optymalnie b\u0119dzie wynaj\u0105\u0107 3 domki <br>d)30 &#8211; 35- 40 os\u00f3b &#8211; potrzebujesz przynajmniej 4 domki <br>e) wi\u0119cej ni\u017c 40 os\u00f3b &#8211; napisz, a my pomo\u017cemy skonfigurowa\u0107 pobyt <\/p>\n\n\n\n<p>dobrym pomys\u0142em jest ulokowanie prowadz\u0105cego lub prze\u0142o\u017conego w <a href=\"https:\/\/wzalesiu.pl\/index.php\/dom-z-2-sypialniami-przy-plazy\/\">domku przy pla\u017cy z dwoma sypialniami<\/a>, dzi\u0119ki czemu b\u0119dzie mia\u0142 najwi\u0119ksz\u0105 prywatno\u015b\u0107. Je\u017celi chcesz sprawdzi\u0107 aktualne ceny nocleg\u00f3w wejd\u017a <a href=\"https:\/\/wzalesiu.pl\/index.php\/wynajmij-domek-mazury\/\">w system rezerwacji<\/a>. Je\u017celi zdecydujesz si\u0119 wybra\u0107 nasze domki na imprez\u0119 integracyjn\u0105 napisz do nas, a pomo\u017cemy Ci zorganizowa\u0107 imprez\u0119 integracyjn\u0105. <a href=\"https:\/\/wzalesiu.pl\/index.php\/cennik-atrakcji\/\">Mo\u017cesz te\u017c skorzysta\u0107 ze specjalnego cennika<\/a> z konfiguratorem w wybranych przez nas przyk\u0142adowych terminach.  <\/p>\n\n\n\n<h3 class=\"wp-block-heading\" id=\"promocje-na-imprezy-integracyjne\">2. Aktualne promocje na wynajem domk\u00f3w na imprez\u0119 integracyjn\u0105<\/h3>\n\n\n<ul style=\"background-color:#ffd45263;\" class=\"wp-block-latest-posts__list wp-block-latest-posts has-background\"><li><a class=\"wp-block-latest-posts__post-title\" href=\"https:\/\/wzalesiu.pl\/index.php\/2024\/02\/23\/aktualne-promocyjne-terminy-na-organizacje-imprezy\/\">Wolne domki na imprez\u0119 w ni\u017cszych cenach.<\/a><div class=\"wp-block-latest-posts__post-full-content\"><!-- wp:paragraph -->\n<p>Poni\u017cej podajemy najta\u0144sze opcje na rynku organizacji imprezy integracyjnej w okolicy z noclegiem :). Nawet od 60 z\u0142 \/ dob\u0119 \/ osob\u0119. Dlaczego tak tanio w tak dobrej jako\u015bci? S\u0105 to luki w naszym kalendarzu, a my lubimy jak co\u015b si\u0119 dzieje.<\/p>\n<!-- \/wp:paragraph -->\n\n<!-- wp:columns -->\n<div class=\"wp-block-columns\"><!-- wp:column -->\n<div class=\"wp-block-column\"><!-- wp:paragraph {\"style\":{\"color\":{\"background\":\"#f7a6a6\"}}} -->\n<p class=\"has-background\" style=\"background-color:#f7a6a6\"><strong>Oferty od czwartku do soboty<\/strong> za sam nocleg w styczniu, lutym i marcu <\/p>\n<!-- \/wp:paragraph -->\n\n<!-- wp:paragraph -->\n<p>2 doby w domku 11 osobowym &#8211; 1200 z\u0142 + op\u0142aty za ekwiwalent zu\u017cycia pr\u0105du (1,5 z\u0142 \/ 1 kwh)<\/p>\n<!-- \/wp:paragraph -->\n\n<!-- wp:paragraph -->\n<p>Jeste\u015b <a href=\"https:\/\/wzalesiu.pl\/index.php\/jak-trafic-na-mazury-warmie\/\">zainteresowany tymi terminami lub innym napisz <\/a> lub sprawd\u017a <a href=\"https:\/\/wzalesiu.pl\/index.php\/wynajmij-domek-mazury\/\">system rezerwacji<\/a><\/p>\n<!-- \/wp:paragraph --><\/div>\n<!-- \/wp:column --><\/div>\n<!-- \/wp:columns --><\/div><\/li>\n<\/ul>\n\n\n<h3 class=\"wp-block-heading\" id=\"atrakcje-na-impreze\">3. Atrakcje na imprez\u0119 integracyjn\u0105 w naszym o\u015brodku.<\/h3>\n\n\n\n<p>Tutaj mamy spore pole do manewru! <\/p>\n\n\n\n<ol class=\"wp-block-list\">\n<li>Nasza strefa relaksu &#8211;<a href=\"https:\/\/wzalesiu.pl\/index.php\/atrakcje-na-mazurach-zalesie\/\"> Jacuzzi (gor\u0105ca bania) i sauna.<\/a><\/li>\n\n\n\n<li><a href=\"https:\/\/wzalesiu.pl\/index.php\/atrakcje-na-mazurach-zalesie\/\">Sp\u0142ywy kajakowe startuj\u0105ce z naszej pla\u017cy.<\/a><\/li>\n\n\n\n<li><a href=\"https:\/\/wzalesiu.pl\/index.php\/atrakcje-na-mazurach-zalesie\/\">Ognisko, grill, a nawet grajek na imprez\u0119. <\/a><\/li>\n\n\n\n<li><a href=\"https:\/\/wzalesiu.pl\/index.php\/wypozyczalnia-lodzi-olsztyn-i-barczewo\/\">Wypo\u017cyczenie \u0142odzi elektrycznej.<\/a><\/li>\n\n\n\n<li><a href=\"https:\/\/wzalesiu.pl\/index.php\/2024\/02\/16\/jak-wygladaja-warsztaty-kulinarne-na-wieczorze-panienskim\/\">Warsztaty kulinarne<\/a>. (zale\u017cne od dost\u0119pno\u015bci)<\/li>\n\n\n\n<li>Pokazy barma\u0144skie. (zale\u017cne od dost\u0119pno\u015bci)<\/li>\n\n\n\n<li>Gry i zabawy. (po um\u00f3wieniu)<\/li>\n\n\n\n<li>Wyjazd do najwi\u0119kszego labiryntu kukurydzy w Europie (20 km) z organizacj\u0105 tam zabaw. (miesi\u0105ce czerwiec &#8211; listopad)<\/li>\n<\/ol>\n\n\n\n<p>Chcesz ju\u017c pozna\u0107 ofert\u0119 cenow\u0105?<a href=\"https:\/\/wzalesiu.pl\/index.php\/cennik-atrakcji\/\"> Kliknij nasz cennik atrakcji <\/a>na imprezy okoliczno\u015bciowe i integracyjne. Niekt\u00f3re atrakcje mog\u0105 nie by\u0107 dost\u0119pne we wszystkich terminach, prosimy o wcze\u015bniejsze zapytania aby\u015bmy mogli sprosta\u0107 wszelkim oczekiwaniom.<\/p>\n\n\n\n<h3 class=\"wp-block-heading\">4. Wy\u017cywienie na imprezie integracyjnej. <\/h3>\n\n\n\n<h4 class=\"wp-block-heading\">&#8211; catering na imprezy<\/h4>\n\n\n\n<p>Jedzenie to jeden z najwa\u017cniejszych punkt\u00f3w w organizacji wieczoru panie\u0144skiego. W Zalesiu na Mazurach mo\u017cecie liczy\u0107 na wsparcie ekipy Przyprawieni Smakiem oraz dw\u00f3ch lokalnych organizator\u00f3w cateringu. Wystarczy na 2 tygodnie przed przyjazdem ustali\u0107 menu. Je\u015bli dzia\u0142acie spontanicznie \u2013 nic straconego, zesp\u00f3\u0142 z Zalesia znajdzie rozwi\u0105zanie. <a href=\"https:\/\/wzalesiu.pl\/index.php\/cennik-atrakcji-1\/wyzywienie\/\">Aktualny cennik wy\u017cywienia na imprezy<\/a><\/p>\n\n\n\n<h4 class=\"wp-block-heading\">&#8211; warsztaty kulinarne<\/h4>\n\n\n\n<p>Nawi\u0105zali\u015bmy wsp\u00f3\u0142prac\u0119 z kilkoma specjalistami w dziedzinie warsztat\u00f3w na imprezy integracyjne. Nasi kucharze zorganizuj\u0105 dla Was na waszych oczach, w zale\u017cno\u015bci od wyboru: <\/p>\n\n\n\n<ul class=\"wp-block-list\">\n<li>danie obiadowe &#8211; zapraszamy do udzia\u0142u we wsp\u00f3lnym przygotowaniu posi\u0142ku. Oczywi\u015bcie nie jest to tylko sam proces przygotowania jedzenia. B\u0119dziecie bra\u0107 udzia\u0142 w gotowaniu, a szef nie tylko opowie o daniu ale te\u017c o jego pochodzeniu.<\/li>\n\n\n\n<li>\u015bniadania &#8211; wyznaczycie godzin\u0119 \u015bniadania, a kucharz zrobi je w Waszym domku<\/li>\n<\/ul>\n\n\n\n<p><a href=\"https:\/\/wzalesiu.pl\/index.php\/cennik-atrakcji-1\/wyzywienie\/\">Sprawd\u017a cen\u0119 organizacji warsztat\u00f3w kulinarnych<\/a>.<\/p>\n\n\n\n<p>Poni\u017cej zdj\u0119cia jak bawili si\u0119 nasi go\u015bcie.<\/p>\n\n\n\n<figure class=\"wp-block-image size-large\"><img decoding=\"async\" width=\"1024\" height=\"1024\" data-src=\"https:\/\/wzalesiu.pl\/wp-content\/uploads\/2024\/08\/Fotoram.io-15-1-1024x1024.jpg\" alt=\"impreza integracyjna\" class=\"wp-image-4645 lazyload\" data-srcset=\"https:\/\/wzalesiu.pl\/wp-content\/uploads\/2024\/08\/Fotoram.io-15-1-1024x1024.jpg 1024w, https:\/\/wzalesiu.pl\/wp-content\/uploads\/2024\/08\/Fotoram.io-15-1-300x300.jpg 300w, https:\/\/wzalesiu.pl\/wp-content\/uploads\/2024\/08\/Fotoram.io-15-1-150x150.jpg 150w, https:\/\/wzalesiu.pl\/wp-content\/uploads\/2024\/08\/Fotoram.io-15-1-768x768.jpg 768w, https:\/\/wzalesiu.pl\/wp-content\/uploads\/2024\/08\/Fotoram.io-15-1-600x600.jpg 600w, https:\/\/wzalesiu.pl\/wp-content\/uploads\/2024\/08\/Fotoram.io-15-1-160x160.jpg 160w, https:\/\/wzalesiu.pl\/wp-content\/uploads\/2024\/08\/Fotoram.io-15-1-100x100.jpg 100w, https:\/\/wzalesiu.pl\/wp-content\/uploads\/2024\/08\/Fotoram.io-15-1.jpg 1200w\" data-sizes=\"(max-width: 1024px) 100vw, 1024px\" src=\"data:image\/svg+xml;base64,PHN2ZyB3aWR0aD0iMSIgaGVpZ2h0PSIxIiB4bWxucz0iaHR0cDovL3d3dy53My5vcmcvMjAwMC9zdmciPjwvc3ZnPg==\" style=\"--smush-placeholder-width: 1024px; --smush-placeholder-aspect-ratio: 1024\/1024;\" \/><\/figure>\n\n\n\n<h3 class=\"wp-block-heading\"><strong>Korzy\u015bci ze zorganizowania imprezy integracyjnej w naszych domkach.<\/strong><\/h3>\n\n\n\n<p>Imprezy integracyjne wzmacniaj\u0105 zesp\u00f3\u0142, zwi\u0119kszaj\u0105 motywacj\u0119 i poprawiaj\u0105 komunikacj\u0119 mi\u0119dzy dzia\u0142ami. Nasze domki umo\u017cliwiaj\u0105 zacie\u015bnienie relacji mi\u0119dzy <\/p>\n\n\n\n<h3 class=\"wp-block-heading\"><strong>Najlepsze miejsca na Mazurach<\/strong> na imprez\u0119 integracyjn\u0105.<\/h3>\n\n\n\n<p>Bo gdzie znajdziesz wi\u0119cej atrakcji i mo\u017cliwo\u015b\u0107 korzystania z wszystkich walor\u00f3w Warmii i Mazur? Jezioro, Lasy, pla\u017ca, s\u0142o\u0144ce, lepiej ni\u017c na RODos \ud83d\ude09<\/p>\n\n\n\n<h3 class=\"wp-block-heading\"><strong>Wnioski<\/strong><\/h3>\n\n\n\n<p>Imprezy integracyjne w naszych domkach na Mazurach to doskona\u0142a okazja do wzmocnienia zespo\u0142u i zbudowania trwa\u0142ych relacji mi\u0119dzy pracownikami. Dzi\u0119ki odpowiedniemu planowaniu i wykorzystaniu potencja\u0142u regionu, ka\u017cda impreza mo\u017ce sta\u0107 si\u0119 niezapomnianym prze\u017cyciem.<\/p>\n\n\n\n<h3 class=\"wp-block-heading\" id=\"plan-organizacji-imprezy\">Przyk\u0142adowy dwudniowy plan imprezy integracyjnej <\/h3>\n\n\n\n<h4 class=\"wp-block-heading\">Pi\u0105tek<\/h4>\n\n\n\n<ul class=\"wp-block-list\">\n<li><strong>15:00 &#8211; 16:00:<\/strong> Przyjazd i zakwaterowanie w<a href=\"https:\/\/wzalesiu.pl\/index.php\/ceny-i-warunki\/pakiety-wypoczynkowe-mazury\/wieczory-kawalerskie-i-panienskie-w-domku-nad-jeziorem\/\"> domku<\/a>\/domkach. Powitanie i kr\u00f3tkie om\u00f3wienie planu imprezy integracyjnej<\/li>\n\n\n\n<li><strong>16:00 &#8211; 18:00:<\/strong> Czas na odpoczynek i rozpakowanie si\u0119. Mo\u017cliwo\u015b\u0107 skorzystania z okolicznych atrakcji lub relaks w ogrodzie.<\/li>\n\n\n\n<li><strong>18:00 &#8211; 20:00:<\/strong> Przygotowania do ogniska, rozpalenie ogniska. Czas na integracyjne gry i zabawy przy ognisku.<\/li>\n\n\n\n<li><strong>20:00 &#8211; &#8230;&#8230; :<\/strong> Ognisko z pieczeniem kie\u0142basek, impreza do p\u00f3\u017ana<\/li>\n<\/ul>\n\n\n\n<h4 class=\"wp-block-heading\">Sobota<\/h4>\n\n\n\n<ul class=\"wp-block-list\">\n<li><strong>08:00 &#8211; 09:00:<\/strong> \u015aniadanie i przygotowanie do sp\u0142ywu kajakowego.<\/li>\n\n\n\n<li><strong>09:00 &#8211; 13:00:<\/strong> Sp\u0142yw kajakowy &#8211; 4 godziny przygody i pi\u0119knych widok\u00f3w na mazurskich jeziorach i rzekach.<\/li>\n\n\n\n<li><strong>13:00 &#8211; 14:00:<\/strong> Lunch w plenerze lub w wybranej restauracji w drodze powrotnej.<\/li>\n\n\n\n<li><strong>14:00 &#8211; 18:00:<\/strong> Czas na odpoczynek po sp\u0142ywie. Mo\u017cliwo\u015b\u0107 skorzystania z sauny i jacuzzi, relaks i regeneracja.<\/li>\n\n\n\n<li><strong>18:00 &#8211; 20:00:<\/strong> Wsp\u00f3lna kolacja &#8211; cateringiem z obs\u0142ug\u0105<\/li>\n\n\n\n<li><strong>20:00 &#8211; &#8230;:<\/strong> Wieczorne rozrywki &#8211; gry, zabawy, mo\u017ce nawet taniec przy ulubionej muzyce.<\/li>\n<\/ul>\n\n\n\n<h4 class=\"wp-block-heading\">Niedziela<\/h4>\n\n\n\n<ul class=\"wp-block-list\">\n<li><strong>08:00 &#8211; 09:00:<\/strong> Pakowanie i poranne \u015bniadanie. Czas na wspomnienia i podsumowanie weekendu.<\/li>\n\n\n\n<li><strong>09:00 &#8211; 11:00:<\/strong> Czas wolny na ostatnie rozmowy, spacer po okolicy<\/li>\n\n\n\n<li><strong>11:00:<\/strong> Oficjalne po\u017cegnanie i wyjazd z domku.<\/li>\n<\/ul>\n\n\n\n<p>Ten harmonogram zapewni Twojemu zespo\u0142owi po\u0142\u0105czenie relaksu i integracji, a Ciebie odci\u0105\u017cy z planowania.  <\/p>\n\n\n\n<h3 class=\"wp-block-heading\">Ile zajmie dojazd na mazury &#8211; do naszych domk\u00f3w <\/h3>\n\n\n\n<p>Mazowieckie &#8211; Warszawa &#8211; ok 2h <br>Pomorskie &#8211; Gda\u0144sk, Gdynia &#8211; ok 2h<br>Kujawsko Pomorskie &#8211; Bydgoszcz, Toru\u0144 &#8211; ok 3h<br>Podlaskie &#8211; Bia\u0142ystok &#8211; ok 3h<br>\u0141\u00f3dzkie &#8211; \u0141\u00f3d\u017a &#8211; ok 3h<br>Warmi\u0144sko Mazurskie &#8211; Olsztyn &#8211; 20 min<\/p>\n\n\n\n<p><strong>FAQ<\/strong><\/p>\n\n\n\t\t<section\t\thelp class=\"sc_fs_faq sc_card    \"\n\t\t\t\t>\n\t\t\t\t<h2>Jakie s\u0105 najlepsze pory roku na organizacj\u0119 imprez integracyjnych na Mazurach? <\/h2>\t\t\t\t<div>\n\t\t\t\t\t\t\t<figure class=\"sc_fs_faq__figure\">\n\t\t\t\t\t<a\n\t\t\t\t\t\t\thref=\"https:\/\/wzalesiu.pl\/wp-content\/uploads\/2024\/02\/Zalesie-14-1-150x150.jpg\"\n\t\t\t\t\t\t\ttitle=\"domki na wieczory panienskie w zbo\u017cu\"\n\t\t\t\t\t>\n\t\t\t\t\t\t<img\n\t\t\t\t\t\t\t\tclass=\"sc_fs_faq__image lazyload\"\n\t\t\t\t\t\t\t\tdata-src=\"https:\/\/wzalesiu.pl\/wp-content\/uploads\/2024\/02\/Zalesie-14-1-150x150.jpg\"\n\t\t\t\t\t\t\t\talt=\"domki na wieczory panienskie w zbo\u017cu\"\n\t\t\t\t\t\t src=\"data:image\/svg+xml;base64,PHN2ZyB3aWR0aD0iMSIgaGVpZ2h0PSIxIiB4bWxucz0iaHR0cDovL3d3dy53My5vcmcvMjAwMC9zdmciPjwvc3ZnPg==\" style=\"--smush-placeholder-width: 150px; --smush-placeholder-aspect-ratio: 150\/150;\">\n\t\t\t\t\t<\/a>\n\t\t\t\t<\/figure>\n\t\t\t\t\t\t<div class=\"sc_fs_faq__content\">\n\t\t\t\t\n\n<p>Najlepiej organizowa\u0107 imprezy integracyjne w miesi\u0105cach marzec, kwiecie\u0144, maj, wrzesie\u0144, pa\u017adziernik, listopad. W tych miesi\u0105cach jest mniejszy ruch, a Wy mo\u017cecie liczy\u0107 na wi\u0119ksz\u0105 prywatno\u015b\u0107 i ni\u017csze ceny<\/p>\n\n\t\t\t<\/div>\n\t\t<\/div>\n\t\t<\/section>\n\t\t\t\t<section\t\thelp class=\"sc_fs_faq sc_card    \"\n\t\t\t\t>\n\t\t\t\t<h2>Jakie aktywno\u015bci s\u0105 najbardziej popularne podczas imprez integracyjnych na Mazurach?<\/h2>\t\t\t\t<div>\n\t\t\t\t\t\t\t<figure class=\"sc_fs_faq__figure\">\n\t\t\t\t\t<a\n\t\t\t\t\t\t\thref=\"https:\/\/wzalesiu.pl\/wp-content\/uploads\/2024\/02\/1625217372622-1-150x150.jpg\"\n\t\t\t\t\t\t\ttitle=\"jacuzzi w domku nad jeziorem\"\n\t\t\t\t\t>\n\t\t\t\t\t\t<img\n\t\t\t\t\t\t\t\tclass=\"sc_fs_faq__image lazyload\"\n\t\t\t\t\t\t\t\tdata-src=\"https:\/\/wzalesiu.pl\/wp-content\/uploads\/2024\/02\/1625217372622-1-150x150.jpg\"\n\t\t\t\t\t\t\t\talt=\"jacuzzi w domku nad jeziorem\"\n\t\t\t\t\t\t src=\"data:image\/svg+xml;base64,PHN2ZyB3aWR0aD0iMSIgaGVpZ2h0PSIxIiB4bWxucz0iaHR0cDovL3d3dy53My5vcmcvMjAwMC9zdmciPjwvc3ZnPg==\" style=\"--smush-placeholder-width: 150px; --smush-placeholder-aspect-ratio: 150\/150;\">\n\t\t\t\t\t<\/a>\n\t\t\t\t<\/figure>\n\t\t\t\t\t\t<div class=\"sc_fs_faq__content\">\n\t\t\t\t\n\n<p>Najpopularniejsze s\u0105 sp\u0142ywy kajakowe, k\u0105piele w jacuzzi, wsp\u00f3lne saunowanie, paintball, p\u0142ywanie motor\u00f3wkami, wsp\u00f3lna aktywno\u015b\u0107 fizyczna. Jest te\u017c jeden punkt konieczny &#8211; wsp\u00f3lne ognisko<\/p>\n\n\t\t\t<\/div>\n\t\t<\/div>\n\t\t<\/section>\n\t\t\t\t<section\t\thelp class=\"sc_fs_faq sc_card    \"\n\t\t\t\t>\n\t\t\t\t<h2>Czy istniej\u0105 specjalne pakiety dla firm organizuj\u0105cych imprezy integracyjne na Mazurach?<\/h2>\t\t\t\t<div>\n\t\t\t\t\t\t\t<figure class=\"sc_fs_faq__figure\">\n\t\t\t\t\t<a\n\t\t\t\t\t\t\thref=\"https:\/\/wzalesiu.pl\/wp-content\/uploads\/2024\/02\/PANIENSKI05-150x150.jpg\"\n\t\t\t\t\t\t\ttitle=\"dziewczyny na panienski\"\n\t\t\t\t\t>\n\t\t\t\t\t\t<img\n\t\t\t\t\t\t\t\tclass=\"sc_fs_faq__image lazyload\"\n\t\t\t\t\t\t\t\tdata-src=\"https:\/\/wzalesiu.pl\/wp-content\/uploads\/2024\/02\/PANIENSKI05-150x150.jpg\"\n\t\t\t\t\t\t\t\talt=\"dziewczyny na panienski\"\n\t\t\t\t\t\t src=\"data:image\/svg+xml;base64,PHN2ZyB3aWR0aD0iMSIgaGVpZ2h0PSIxIiB4bWxucz0iaHR0cDovL3d3dy53My5vcmcvMjAwMC9zdmciPjwvc3ZnPg==\" style=\"--smush-placeholder-width: 150px; --smush-placeholder-aspect-ratio: 150\/150;\">\n\t\t\t\t\t<\/a>\n\t\t\t\t<\/figure>\n\t\t\t\t\t\t<div class=\"sc_fs_faq__content\">\n\t\t\t\t\n\n<p>Tak, specjalnie dla Was posiadamy pakiety na imprezy integracyjne. Kupuj\u0105c atrakcje w pakiecie oszcz\u0119dzasz<\/p>\n\n\t\t\t<\/div>\n\t\t<\/div>\n\t\t<\/section>\n\t\t\n<script type=\"application\/ld+json\">\n\t{\n\t\t\"@context\": \"https:\/\/schema.org\",\n\t\t\"@type\": \"FAQPage\",\n\t\t\"mainEntity\": [\n\t\t\t\t\t{\n\t\t\t\t\"@type\": \"Question\",\n\t\t\t\t\"name\": \"Jakie s\u0105 najlepsze pory roku na organizacj\u0119 imprez integracyjnych na Mazurach? \",\n\t\t\t\t\"acceptedAnswer\": {\n\t\t\t\t\t\"@type\": \"Answer\",\n\t\t\t\t\t\"text\": \"<p>Najlepiej organizowa\u0107 imprezy integracyjne w miesi\u0105cach marzec, kwiecie\u0144, maj, wrzesie\u0144, pa\u017adziernik, listopad. W tych miesi\u0105cach jest mniejszy ruch, a Wy mo\u017cecie liczy\u0107 na wi\u0119ksz\u0105 prywatno\u015b\u0107 i ni\u017csze ceny<\/p>\"\n\t\t\t\t\t\t\t\t\t\t,\n\t\t\t\t\t\"image\" : {\n\t\t\t\t\t\t\"@type\" : \"ImageObject\",\n\t\t\t\t\t\t\"contentUrl\" : \"https:\/\/wzalesiu.pl\/wp-content\/uploads\/2024\/02\/Zalesie-14-1-150x150.jpg\"\n\t\t\t\t\t}\n\t\t\t\t\t\t\t\t\t}\n\t\t\t}\n\t\t\t,\t\t\t\t{\n\t\t\t\t\"@type\": \"Question\",\n\t\t\t\t\"name\": \"Jakie aktywno\u015bci s\u0105 najbardziej popularne podczas imprez integracyjnych na Mazurach?\",\n\t\t\t\t\"acceptedAnswer\": {\n\t\t\t\t\t\"@type\": \"Answer\",\n\t\t\t\t\t\"text\": \"<p>Najpopularniejsze s\u0105 sp\u0142ywy kajakowe, k\u0105piele w jacuzzi, wsp\u00f3lne saunowanie, paintball, p\u0142ywanie motor\u00f3wkami, wsp\u00f3lna aktywno\u015b\u0107 fizyczna. Jest te\u017c jeden punkt konieczny - wsp\u00f3lne ognisko<\/p>\"\n\t\t\t\t\t\t\t\t\t\t,\n\t\t\t\t\t\"image\" : {\n\t\t\t\t\t\t\"@type\" : \"ImageObject\",\n\t\t\t\t\t\t\"contentUrl\" : \"https:\/\/wzalesiu.pl\/wp-content\/uploads\/2024\/02\/1625217372622-1-150x150.jpg\"\n\t\t\t\t\t}\n\t\t\t\t\t\t\t\t\t}\n\t\t\t}\n\t\t\t,\t\t\t\t{\n\t\t\t\t\"@type\": \"Question\",\n\t\t\t\t\"name\": \"Czy istniej\u0105 specjalne pakiety dla firm organizuj\u0105cych imprezy integracyjne na Mazurach?\",\n\t\t\t\t\"acceptedAnswer\": {\n\t\t\t\t\t\"@type\": \"Answer\",\n\t\t\t\t\t\"text\": \"<p>Tak, specjalnie dla Was posiadamy pakiety na imprezy integracyjne. Kupuj\u0105c atrakcje w pakiecie oszcz\u0119dzasz<\/p>\"\n\t\t\t\t\t\t\t\t\t\t,\n\t\t\t\t\t\"image\" : {\n\t\t\t\t\t\t\"@type\" : \"ImageObject\",\n\t\t\t\t\t\t\"contentUrl\" : \"https:\/\/wzalesiu.pl\/wp-content\/uploads\/2024\/02\/PANIENSKI05-150x150.jpg\"\n\t\t\t\t\t}\n\t\t\t\t\t\t\t\t\t}\n\t\t\t}\n\t\t\t\t\t\t]\n\t}\n<\/script>\n","protected":false},"excerpt":{"rendered":"<p>Oferujemy Pa\u0144stwu domy na wy\u0142\u0105czno\u015b\u0107 nad brzegiem jeziora Orzyc. Ka\u017cdy domek posiada swoj\u0105 ogrodzon\u0105 stref\u0119 biesiadn\u0105 oraz le\u017caki do czerpania k\u0105pieli s\u0142onecznych. Je\u017celi za\u017cyczysz sobie \u017ceby ca\u0142y o\u015brodek by\u0142 na wy\u0142\u0105czno\u015b\u0107 to i tak\u0105 pro\u015bb\u0119 &#8230;<\/p>\n","protected":false},"author":2,"featured_media":0,"parent":0,"menu_order":0,"comment_status":"closed","ping_status":"closed","template":"","meta":{"ngg_post_thumbnail":0,"footnotes":""},"class_list":["post-4408","page","type-page","status-publish","hentry"],"yoast_head":"<!-- This site is optimized with the Yoast SEO plugin v27.5 - https:\/\/yoast.com\/product\/yoast-seo-wordpress\/ -->\n<title>Domki na imprez\u0119 integracyjn\u0105 Mazury - Zalesie 7D<\/title>\n<meta name=\"description\" content=\"Organizujesz imprez\u0119 integracyjn\u0105 i szukasz idealnego miejsca? W naszych domkach zapewniamy prywatno\u015b\u0107 oraz mn\u00f3stwo atrakcji. Idealne dla firm i grup.\" \/>\n<meta name=\"robots\" content=\"index, follow, max-snippet:-1, max-image-preview:large, max-video-preview:-1\" \/>\n<link rel=\"canonical\" href=\"https:\/\/wzalesiu.pl\/index.php\/domki_na_impreze_integracyjna_mazury\/\" \/>\n<meta property=\"og:locale\" content=\"pl_PL\" \/>\n<meta property=\"og:type\" content=\"article\" \/>\n<meta property=\"og:title\" content=\"Domki na imprez\u0119 integracyjn\u0105 Mazury - Zalesie 7D\" \/>\n<meta property=\"og:description\" content=\"Organizujesz imprez\u0119 integracyjn\u0105 i szukasz idealnego miejsca? W naszych domkach zapewniamy prywatno\u015b\u0107 oraz mn\u00f3stwo atrakcji. Idealne dla firm i grup.\" \/>\n<meta property=\"og:url\" content=\"https:\/\/wzalesiu.pl\/index.php\/domki_na_impreze_integracyjna_mazury\/\" \/>\n<meta property=\"og:site_name\" content=\"Zalesie 7D\" \/>\n<meta property=\"article:publisher\" content=\"https:\/\/www.facebook.com\/Domkiwzalesiu\/?locale=pl_PL\" \/>\n<meta property=\"article:modified_time\" content=\"2025-01-05T12:05:52+00:00\" \/>\n<meta property=\"og:image\" content=\"https:\/\/wzalesiu.pl\/wp-content\/uploads\/2024\/02\/Zalesie-56.jpg\" \/>\n\t<meta property=\"og:image:width\" content=\"2000\" \/>\n\t<meta property=\"og:image:height\" content=\"1124\" \/>\n\t<meta property=\"og:image:type\" content=\"image\/jpeg\" \/>\n<meta name=\"twitter:card\" content=\"summary_large_image\" \/>\n<meta name=\"twitter:label1\" content=\"Szacowany czas czytania\" \/>\n\t<meta name=\"twitter:data1\" content=\"7 minut\" \/>\n<!-- \/ Yoast SEO plugin. -->","yoast_head_json":{"title":"Domki na imprez\u0119 integracyjn\u0105 Mazury - Zalesie 7D","description":"Organizujesz imprez\u0119 integracyjn\u0105 i szukasz idealnego miejsca? W naszych domkach zapewniamy prywatno\u015b\u0107 oraz mn\u00f3stwo atrakcji. Idealne dla firm i grup.","robots":{"index":"index","follow":"follow","max-snippet":"max-snippet:-1","max-image-preview":"max-image-preview:large","max-video-preview":"max-video-preview:-1"},"canonical":"https:\/\/wzalesiu.pl\/index.php\/domki_na_impreze_integracyjna_mazury\/","og_locale":"pl_PL","og_type":"article","og_title":"Domki na imprez\u0119 integracyjn\u0105 Mazury - Zalesie 7D","og_description":"Organizujesz imprez\u0119 integracyjn\u0105 i szukasz idealnego miejsca? W naszych domkach zapewniamy prywatno\u015b\u0107 oraz mn\u00f3stwo atrakcji. Idealne dla firm i grup.","og_url":"https:\/\/wzalesiu.pl\/index.php\/domki_na_impreze_integracyjna_mazury\/","og_site_name":"Zalesie 7D","article_publisher":"https:\/\/www.facebook.com\/Domkiwzalesiu\/?locale=pl_PL","article_modified_time":"2025-01-05T12:05:52+00:00","og_image":[{"width":2000,"height":1124,"url":"https:\/\/wzalesiu.pl\/wp-content\/uploads\/2024\/02\/Zalesie-56.jpg","type":"image\/jpeg"}],"twitter_card":"summary_large_image","twitter_misc":{"Szacowany czas czytania":"7 minut"},"schema":{"@context":"https:\/\/schema.org","@graph":[{"@type":"WebPage","@id":"https:\/\/wzalesiu.pl\/index.php\/domki_na_impreze_integracyjna_mazury\/","url":"https:\/\/wzalesiu.pl\/index.php\/domki_na_impreze_integracyjna_mazury\/","name":"Domki na imprez\u0119 integracyjn\u0105 Mazury - Zalesie 7D","isPartOf":{"@id":"https:\/\/wzalesiu.pl\/#website"},"primaryImageOfPage":{"@id":"https:\/\/wzalesiu.pl\/index.php\/domki_na_impreze_integracyjna_mazury\/#primaryimage"},"image":{"@id":"https:\/\/wzalesiu.pl\/index.php\/domki_na_impreze_integracyjna_mazury\/#primaryimage"},"thumbnailUrl":"https:\/\/wzalesiu.pl\/wp-content\/uploads\/2024\/02\/Zalesie-56-1024x575.jpg","datePublished":"2024-02-22T19:08:28+00:00","dateModified":"2025-01-05T12:05:52+00:00","description":"Organizujesz imprez\u0119 integracyjn\u0105 i szukasz idealnego miejsca? W naszych domkach zapewniamy prywatno\u015b\u0107 oraz mn\u00f3stwo atrakcji. Idealne dla firm i grup.","breadcrumb":{"@id":"https:\/\/wzalesiu.pl\/index.php\/domki_na_impreze_integracyjna_mazury\/#breadcrumb"},"inLanguage":"pl-PL","potentialAction":[{"@type":"ReadAction","target":["https:\/\/wzalesiu.pl\/index.php\/domki_na_impreze_integracyjna_mazury\/"]}]},{"@type":"ImageObject","inLanguage":"pl-PL","@id":"https:\/\/wzalesiu.pl\/index.php\/domki_na_impreze_integracyjna_mazury\/#primaryimage","url":"https:\/\/wzalesiu.pl\/wp-content\/uploads\/2024\/02\/Zalesie-56.jpg","contentUrl":"https:\/\/wzalesiu.pl\/wp-content\/uploads\/2024\/02\/Zalesie-56.jpg","width":2000,"height":1124,"caption":"domki na imprez\u0119 integracyjn\u0105"},{"@type":"BreadcrumbList","@id":"https:\/\/wzalesiu.pl\/index.php\/domki_na_impreze_integracyjna_mazury\/#breadcrumb","itemListElement":[{"@type":"ListItem","position":1,"name":"Strona g\u0142\u00f3wna","item":"https:\/\/wzalesiu.pl\/"},{"@type":"ListItem","position":2,"name":"Domki na imprez\u0119 integracyjn\u0105 Mazury"}]},{"@type":"WebSite","@id":"https:\/\/wzalesiu.pl\/#website","url":"https:\/\/wzalesiu.pl\/","name":"Domki nad jeziorem - Zalesie 7D","description":"Domki nad jeziorem z w\u0142asn\u0105 lini\u0105 brzegow\u0105 i jacuzzi","publisher":{"@id":"https:\/\/wzalesiu.pl\/#organization"},"potentialAction":[{"@type":"SearchAction","target":{"@type":"EntryPoint","urlTemplate":"https:\/\/wzalesiu.pl\/?s={search_term_string}"},"query-input":{"@type":"PropertyValueSpecification","valueRequired":true,"valueName":"search_term_string"}}],"inLanguage":"pl-PL"},{"@type":"Organization","@id":"https:\/\/wzalesiu.pl\/#organization","name":"Domki nad Jeziorem - Zalesie 7D","url":"https:\/\/wzalesiu.pl\/","logo":{"@type":"ImageObject","inLanguage":"pl-PL","@id":"https:\/\/wzalesiu.pl\/#\/schema\/logo\/image\/","url":"https:\/\/wzalesiu.pl\/wp-content\/uploads\/2020\/03\/cropped-Logo-wzalesiu_stronka.png","contentUrl":"https:\/\/wzalesiu.pl\/wp-content\/uploads\/2020\/03\/cropped-Logo-wzalesiu_stronka.png","width":161,"height":161,"caption":"Domki nad Jeziorem - Zalesie 7D"},"image":{"@id":"https:\/\/wzalesiu.pl\/#\/schema\/logo\/image\/"},"sameAs":["https:\/\/www.facebook.com\/Domkiwzalesiu\/?locale=pl_PL"]}]}},"_links":{"self":[{"href":"https:\/\/wzalesiu.pl\/index.php\/wp-json\/wp\/v2\/pages\/4408","targetHints":{"allow":["GET"]}}],"collection":[{"href":"https:\/\/wzalesiu.pl\/index.php\/wp-json\/wp\/v2\/pages"}],"about":[{"href":"https:\/\/wzalesiu.pl\/index.php\/wp-json\/wp\/v2\/types\/page"}],"author":[{"embeddable":true,"href":"https:\/\/wzalesiu.pl\/index.php\/wp-json\/wp\/v2\/users\/2"}],"replies":[{"embeddable":true,"href":"https:\/\/wzalesiu.pl\/index.php\/wp-json\/wp\/v2\/comments?post=4408"}],"version-history":[{"count":28,"href":"https:\/\/wzalesiu.pl\/index.php\/wp-json\/wp\/v2\/pages\/4408\/revisions"}],"predecessor-version":[{"id":4857,"href":"https:\/\/wzalesiu.pl\/index.php\/wp-json\/wp\/v2\/pages\/4408\/revisions\/4857"}],"wp:attachment":[{"href":"https:\/\/wzalesiu.pl\/index.php\/wp-json\/wp\/v2\/media?parent=4408"}],"curies":[{"name":"wp","href":"https:\/\/api.w.org\/{rel}","templated":true}]}}